{"id":443,"date":"2026-05-11T12:52:01","date_gmt":"2026-05-11T10:52:01","guid":{"rendered":"https:\/\/www.creativecityostersund.se\/news\/"},"modified":"2026-06-26T10:32:35","modified_gmt":"2026-06-26T08:32:35","slug":"news","status":"publish","type":"page","link":"https:\/\/www.creativecityostersund.se\/en\/news\/","title":{"rendered":"News"},"content":{"rendered":"<p><div class=\"fusion-fullwidth fullwidth-box fusion-builder-row-1 fusion-flex-container has-pattern-background has-mask-background fusion-parallax-none nonhundred-percent-fullwidth non-hundred-percent-height-scrolling\" style=\"--awb-border-radius-top-left:0px;--awb-border-radius-top-right:0px;--awb-border-radius-bottom-right:0px;--awb-border-radius-bottom-left:0px;--awb-padding-top:100px;--awb-padding-bottom:100px;--awb-background-image:linear-gradient(180deg, rgba(255,255,255,0) 0%,#000000 100%),url(https:\/\/www.creativecityostersund.se\/wp-content\/uploads\/2026\/05\/Skordefest-12.webp);;--awb-background-size:cover;--awb-flex-wrap:wrap;--awb-flex-wrap-small:wrap;\" ><div class=\"fusion-builder-row fusion-row fusion-flex-align-items-flex-start fusion-flex-content-wrap\" style=\"max-width:1248px;margin-left: calc(-4% \/ 2 );margin-right: calc(-4% \/ 2 );\"><\/div><\/div><div class=\"fusion-fullwidth fullwidth-box fusion-builder-row-2 fusion-flex-container has-pattern-background has-mask-background nonhundred-percent-fullwidth non-hundred-percent-height-scrolling\" style=\"--awb-border-radius-top-left:0px;--awb-border-radius-top-right:0px;--awb-border-radius-bottom-right:0px;--awb-border-radius-bottom-left:0px;--awb-padding-top:100px;--awb-padding-bottom:100px;--awb-padding-top-medium:50px;--awb-padding-right-medium:50px;--awb-padding-bottom-medium:50px;--awb-padding-left-medium:50px;--awb-padding-top-small:30px;--awb-padding-right-small:30px;--awb-padding-bottom-small:30px;--awb-padding-left-small:30px;--awb-flex-wrap:wrap;\" ><div class=\"fusion-builder-row fusion-row fusion-flex-align-items-flex-start fusion-flex-content-wrap\" style=\"max-width:1248px;margin-left: calc(-4% \/ 2 );margin-right: calc(-4% \/ 2 );\"><div class=\"fusion-layout-column fusion_builder_column fusion-builder-column-0 fusion_builder_column_1_1 1_1 fusion-flex-column\" style=\"--awb-bg-size:cover;--awb-width-large:100%;--awb-margin-top-large:0px;--awb-spacing-right-large:60px;--awb-margin-bottom-large:0px;--awb-spacing-left-large:1.92%;--awb-width-medium:100%;--awb-order-medium:0;--awb-spacing-right-medium:60px;--awb-spacing-left-medium:1.92%;--awb-width-small:100%;--awb-order-small:0;--awb-spacing-right-small:1.92%;--awb-spacing-left-small:1.92%;\"><div class=\"fusion-column-wrapper fusion-column-has-shadow fusion-flex-justify-content-flex-start fusion-content-layout-column\"><nav class=\"fusion-breadcrumbs awb-yoast-breadcrumbs fusion-breadcrumbs-1\" style=\"--awb-margin-bottom:20px;--awb-breadcrumb-sep:&#039;\/&#039;;\" aria-label=\"Breadcrumb\"><span><span><a href=\"https:\/\/www.creativecityostersund.se\/en\/\">Hem<\/a><\/span><\/span><\/nav><div class=\"fusion-title title fusion-title-1 fusion-sep-none fusion-title-text fusion-title-size-one\" style=\"--awb-text-color:var(--awb-color8);--awb-margin-bottom:30px;--awb-margin-top-small:10px;--awb-margin-right-small:0px;--awb-margin-bottom-small:40px;--awb-margin-left-small:0px;\"><h1 class=\"fusion-title-heading title-heading-left fusion-responsive-typography-calculated\" style=\"margin:0;--fontSize:64;line-height:var(--awb-typography1-line-height);\">News<\/h1><\/div><div class=\"fusion-post-cards fusion-post-cards-1 fusion-grid-archive fusion-grid-columns-3\" style=\"--awb-dots-align:center;--awb-columns:3;--awb-active-filter-border-size:3px;--awb-filters-height:36px;--awb-columns-small:100%;\" data-post-type-label=\"posts\"><ul class=\"fusion-grid fusion-grid-3 fusion-flex-align-items-flex-start fusion-grid-posts-cards\"><li class=\"fusion-layout-column fusion_builder_column fusion-builder-column-1 fusion-flex-column post-card fusion-grid-column fusion-post-cards-grid-column\" style=\"--awb-bg-blend:overlay;--awb-bg-size:cover;--awb-flex-grow:0;--awb-flex-shrink:0;--awb-flex-grow-medium:;--awb-flex-shrink-medium:;--awb-flex-grow-small:;--awb-flex-shrink-small:;\"><div class=\"fusion-column-wrapper fusion-flex-justify-content-flex-start fusion-content-layout-column\"><div class=\"fusion-image-element\" style=\"--awb-aspect-ratio:4 \/ 3;--awb-caption-title-font-family:var(--h2_typography-font-family);--awb-caption-title-font-weight:var(--h2_typography-font-weight);--awb-caption-title-font-style:var(--h2_typography-font-style);--awb-caption-title-size:var(--h2_typography-font-size);--awb-caption-title-transform:var(--h2_typography-text-transform);--awb-caption-title-line-height:var(--h2_typography-line-height);--awb-caption-title-letter-spacing:var(--h2_typography-letter-spacing);\"><span class=\" fusion-imageframe imageframe-none imageframe-1 hover-type-none has-aspect-ratio\"><img decoding=\"async\" width=\"1086\" height=\"1448\" alt=\"A basket placed on moss in the forest filled with matsutake.\" title=\"basket-with-Goliath-matsutake\" src=\"https:\/\/www.creativecityostersund.se\/wp-content\/uploads\/2026\/09\/korg_med_Goliatmusseron.jpg\" class=\"img-responsive wp-image-583 img-with-aspect-ratio\" data-parent-fit=\"cover\" data-parent-container=\".fusion-image-element\" srcset=\"https:\/\/www.creativecityostersund.se\/wp-content\/uploads\/2026\/09\/korg_med_Goliatmusseron-200x267.jpg 200w, https:\/\/www.creativecityostersund.se\/wp-content\/uploads\/2026\/09\/korg_med_Goliatmusseron-400x533.jpg 400w, https:\/\/www.creativecityostersund.se\/wp-content\/uploads\/2026\/09\/korg_med_Goliatmusseron-600x800.jpg 600w, https:\/\/www.creativecityostersund.se\/wp-content\/uploads\/2026\/09\/korg_med_Goliatmusseron-800x1067.jpg 800w, https:\/\/www.creativecityostersund.se\/wp-content\/uploads\/2026\/09\/korg_med_Goliatmusseron.jpg 1086w\" sizes=\"(max-width: 640px) 100vw, 1086px\" \/><\/span><\/div><div class=\"fusion-separator fusion-full-width-sep\" style=\"align-self: center;margin-left: auto;margin-right: auto;margin-top:15px;width:100%;\"><\/div><div class=\"fusion-title title fusion-title-2 fusion-sep-none fusion-title-text fusion-title-size-three\" style=\"--awb-margin-bottom:10px;--awb-margin-top-small:10px;--awb-margin-right-small:0px;--awb-margin-bottom-small:10px;--awb-margin-left-small:0px;--awb-font-size:30px;\"><h3 class=\"fusion-title-heading title-heading-left fusion-responsive-typography-calculated\" style=\"margin:0;font-size:1em;--fontSize:30;line-height:1.2;\">Japanese delicacy gets its own premiere in Kl\u00f6vsj\u00f6<\/h3><\/div><div class=\"fusion-separator\" style=\"align-self: flex-start;margin-right:auto;margin-top:0px;margin-bottom:20px;width:100%;max-width:100px;\"><div class=\"fusion-separator-border sep-single sep-solid\" style=\"--awb-height:20px;--awb-amount:20px;border-color:var(--awb-color3);border-top-width:1px;\"><\/div><\/div><div class=\"fusion-text fusion-text-1\" style=\"--awb-font-size:13px;--awb-margin-top:-15px;\"><p>2 September 2026<\/p>\n<\/div><div class=\"fusion-text fusion-text-2\"><p>In Japan, matsutake has been a prized autumn mushroom for centuries. In Kl\u00f6vsj\u00f6, the same mushroom has grown more quietly, hidden in the pine heaths and unknown to many. On September 5, the first Matsutake Premiere will be held in Kl\u00f6vsj\u00f6.  <\/p>\n<\/div><div ><a class=\"fusion-button button-flat fusion-button-default-size button-default fusion-button-default button-1 fusion-button-default-span fusion-button-default-type\" target=\"_self\" title=\"Read Article\" aria-label=\"Read Article\" href=\"https:\/\/www.creativecityostersund.se\/en\/japanese-delicacy-gets-its-own-premiere-in-klovsjo\/\"><span class=\"fusion-button-text awb-button__text awb-button__text--default\">Read Article<\/span><\/a><\/div><\/div><\/li>\n<li class=\"fusion-layout-column fusion_builder_column fusion-builder-column-2 fusion-flex-column post-card fusion-grid-column fusion-post-cards-grid-column\" style=\"--awb-bg-blend:overlay;--awb-bg-size:cover;--awb-flex-grow:0;--awb-flex-shrink:0;--awb-flex-grow-medium:;--awb-flex-shrink-medium:;--awb-flex-grow-small:;--awb-flex-shrink-small:;\"><div class=\"fusion-column-wrapper fusion-flex-justify-content-flex-start fusion-content-layout-column\"><div class=\"fusion-image-element\" style=\"--awb-aspect-ratio:4 \/ 3;--awb-caption-title-font-family:var(--h2_typography-font-family);--awb-caption-title-font-weight:var(--h2_typography-font-weight);--awb-caption-title-font-style:var(--h2_typography-font-style);--awb-caption-title-size:var(--h2_typography-font-size);--awb-caption-title-transform:var(--h2_typography-text-transform);--awb-caption-title-line-height:var(--h2_typography-line-height);--awb-caption-title-letter-spacing:var(--h2_typography-letter-spacing);\"><span class=\" fusion-imageframe imageframe-none imageframe-2 hover-type-none has-aspect-ratio\"><img decoding=\"async\" width=\"738\" height=\"554\" title=\"osd-host-city-01\" src=\"https:\/\/www.creativecityostersund.se\/wp-content\/uploads\/2026\/08\/osd-vardstad-01.webp\" class=\"img-responsive wp-image-554 img-with-aspect-ratio\" data-parent-fit=\"cover\" data-parent-container=\".fusion-image-element\" alt srcset=\"https:\/\/www.creativecityostersund.se\/wp-content\/uploads\/2026\/08\/osd-vardstad-01-200x150.webp 200w, https:\/\/www.creativecityostersund.se\/wp-content\/uploads\/2026\/08\/osd-vardstad-01-400x300.webp 400w, https:\/\/www.creativecityostersund.se\/wp-content\/uploads\/2026\/08\/osd-vardstad-01-600x450.webp 600w, https:\/\/www.creativecityostersund.se\/wp-content\/uploads\/2026\/08\/osd-vardstad-01.webp 738w\" sizes=\"(max-width: 640px) 100vw, 738px\" \/><\/span><\/div><div class=\"fusion-separator fusion-full-width-sep\" style=\"align-self: center;margin-left: auto;margin-right: auto;margin-top:15px;width:100%;\"><\/div><div class=\"fusion-title title fusion-title-3 fusion-sep-none fusion-title-text fusion-title-size-three\" style=\"--awb-margin-bottom:10px;--awb-margin-top-small:10px;--awb-margin-right-small:0px;--awb-margin-bottom-small:10px;--awb-margin-left-small:0px;--awb-font-size:30px;\"><h3 class=\"fusion-title-heading title-heading-left fusion-responsive-typography-calculated\" style=\"margin:0;font-size:1em;--fontSize:30;line-height:1.2;\">\u00d6stersund to host UNESCO&#8217;s global gastronomy meeting!<\/h3><\/div><div class=\"fusion-separator\" style=\"align-self: flex-start;margin-right:auto;margin-top:0px;margin-bottom:20px;width:100%;max-width:100px;\"><div class=\"fusion-separator-border sep-single sep-solid\" style=\"--awb-height:20px;--awb-amount:20px;border-color:var(--awb-color3);border-top-width:1px;\"><\/div><\/div><div class=\"fusion-text fusion-text-3\" style=\"--awb-font-size:13px;--awb-margin-top:-15px;\"><p>24 August 2026<\/p>\n<\/div><div class=\"fusion-text fusion-text-4\"><p>\u00d6stersund has been chosen as the host city for the next annual meeting of the UNESCO Creative Cities of Gastronomy. The decision was recently made at the network's annual meeting in Kuching, Malaysia. <\/p>\n<\/div><div ><a class=\"fusion-button button-flat fusion-button-default-size button-default fusion-button-default button-2 fusion-button-default-span fusion-button-default-type\" target=\"_self\" title=\"Read Article\" aria-label=\"Read Article\" href=\"https:\/\/www.creativecityostersund.se\/en\/ostersund-to-host-unescos-global-gastronomy-meeting\/\"><span class=\"fusion-button-text awb-button__text awb-button__text--default\">Read Article<\/span><\/a><\/div><\/div><\/li>\n<li class=\"fusion-layout-column fusion_builder_column fusion-builder-column-3 fusion-flex-column post-card fusion-grid-column fusion-post-cards-grid-column\" style=\"--awb-bg-blend:overlay;--awb-bg-size:cover;--awb-flex-grow:0;--awb-flex-shrink:0;--awb-flex-grow-medium:;--awb-flex-shrink-medium:;--awb-flex-grow-small:;--awb-flex-shrink-small:;\"><div class=\"fusion-column-wrapper fusion-flex-justify-content-flex-start fusion-content-layout-column\"><div class=\"fusion-image-element\" style=\"--awb-aspect-ratio:4 \/ 3;--awb-caption-title-font-family:var(--h2_typography-font-family);--awb-caption-title-font-weight:var(--h2_typography-font-weight);--awb-caption-title-font-style:var(--h2_typography-font-style);--awb-caption-title-size:var(--h2_typography-font-size);--awb-caption-title-transform:var(--h2_typography-text-transform);--awb-caption-title-line-height:var(--h2_typography-line-height);--awb-caption-title-letter-spacing:var(--h2_typography-letter-spacing);\"><span class=\" fusion-imageframe imageframe-none imageframe-3 hover-type-none has-aspect-ratio\"><img decoding=\"async\" width=\"722\" height=\"902\" title=\"b2b-in-the-kitchen\" src=\"https:\/\/www.creativecityostersund.se\/wp-content\/uploads\/2026\/08\/b2b-in-the-kitchen.webp\" class=\"img-responsive wp-image-559 img-with-aspect-ratio\" data-parent-fit=\"cover\" data-parent-container=\".fusion-image-element\" alt srcset=\"https:\/\/www.creativecityostersund.se\/wp-content\/uploads\/2026\/08\/b2b-in-the-kitchen-200x250.webp 200w, https:\/\/www.creativecityostersund.se\/wp-content\/uploads\/2026\/08\/b2b-in-the-kitchen-400x500.webp 400w, https:\/\/www.creativecityostersund.se\/wp-content\/uploads\/2026\/08\/b2b-in-the-kitchen-600x750.webp 600w, https:\/\/www.creativecityostersund.se\/wp-content\/uploads\/2026\/08\/b2b-in-the-kitchen.webp 722w\" sizes=\"(max-width: 640px) 100vw, 722px\" \/><\/span><\/div><div class=\"fusion-separator fusion-full-width-sep\" style=\"align-self: center;margin-left: auto;margin-right: auto;margin-top:15px;width:100%;\"><\/div><div class=\"fusion-title title fusion-title-4 fusion-sep-none fusion-title-text fusion-title-size-three\" style=\"--awb-margin-bottom:10px;--awb-margin-top-small:10px;--awb-margin-right-small:0px;--awb-margin-bottom-small:10px;--awb-margin-left-small:0px;--awb-font-size:30px;\"><h3 class=\"fusion-title-heading title-heading-left fusion-responsive-typography-calculated\" style=\"margin:0;font-size:1em;--fontSize:30;line-height:1.2;\">J\u00e4mtland flavors took center stage in Switzerland during the Ice Hockey World Championship<\/h3><\/div><div class=\"fusion-separator\" style=\"align-self: flex-start;margin-right:auto;margin-top:0px;margin-bottom:20px;width:100%;max-width:100px;\"><div class=\"fusion-separator-border sep-single sep-solid\" style=\"--awb-height:20px;--awb-amount:20px;border-color:var(--awb-color3);border-top-width:1px;\"><\/div><\/div><div class=\"fusion-text fusion-text-5\" style=\"--awb-font-size:13px;--awb-margin-top:-15px;\"><p>24 August 2026<\/p>\n<\/div><div class=\"fusion-text fusion-text-6\"><p>When the Ice Hockey World Championship was held in Fribourg, Switzerland, Daniel Lumb from restaurant Slaktarn in \u00d6stersund had the opportunity to represent J\u00e4mtland's culinary culture and cook alongside local partners. <\/p>\n<\/div><div ><a class=\"fusion-button button-flat fusion-button-default-size button-default fusion-button-default button-3 fusion-button-default-span fusion-button-default-type\" target=\"_self\" title=\"Read Article\" aria-label=\"Read Article\" href=\"https:\/\/www.creativecityostersund.se\/en\/jamtland-flavors-took-center-stage-in-switzerland-during-the-ice-hockey-world-championship\/\"><span class=\"fusion-button-text awb-button__text awb-button__text--default\">Read Article<\/span><\/a><\/div><\/div><\/li>\n<li class=\"fusion-layout-column fusion_builder_column fusion-builder-column-4 fusion-flex-column post-card fusion-grid-column fusion-post-cards-grid-column\" style=\"--awb-bg-blend:overlay;--awb-bg-size:cover;--awb-flex-grow:0;--awb-flex-shrink:0;--awb-flex-grow-medium:;--awb-flex-shrink-medium:;--awb-flex-grow-small:;--awb-flex-shrink-small:;\"><div class=\"fusion-column-wrapper fusion-flex-justify-content-flex-start fusion-content-layout-column\"><div class=\"fusion-image-element\" style=\"--awb-aspect-ratio:4 \/ 3;--awb-caption-title-font-family:var(--h2_typography-font-family);--awb-caption-title-font-weight:var(--h2_typography-font-weight);--awb-caption-title-font-style:var(--h2_typography-font-style);--awb-caption-title-size:var(--h2_typography-font-size);--awb-caption-title-transform:var(--h2_typography-text-transform);--awb-caption-title-line-height:var(--h2_typography-line-height);--awb-caption-title-letter-spacing:var(--h2_typography-letter-spacing);\"><span class=\" fusion-imageframe imageframe-none imageframe-4 hover-type-none has-aspect-ratio\"><img decoding=\"async\" width=\"1501\" height=\"1002\" title=\"macao\" src=\"https:\/\/www.creativecityostersund.se\/wp-content\/uploads\/2026\/05\/macao.webp\" class=\"img-responsive wp-image-420 img-with-aspect-ratio\" data-parent-fit=\"cover\" data-parent-container=\".fusion-image-element\" alt srcset=\"https:\/\/www.creativecityostersund.se\/wp-content\/uploads\/2026\/05\/macao-200x134.webp 200w, https:\/\/www.creativecityostersund.se\/wp-content\/uploads\/2026\/05\/macao-400x267.webp 400w, https:\/\/www.creativecityostersund.se\/wp-content\/uploads\/2026\/05\/macao-600x401.webp 600w, https:\/\/www.creativecityostersund.se\/wp-content\/uploads\/2026\/05\/macao-800x534.webp 800w, https:\/\/www.creativecityostersund.se\/wp-content\/uploads\/2026\/05\/macao-1200x801.webp 1200w, https:\/\/www.creativecityostersund.se\/wp-content\/uploads\/2026\/05\/macao.webp 1501w\" sizes=\"(max-width: 640px) 100vw, 1501px\" \/><\/span><\/div><div class=\"fusion-separator fusion-full-width-sep\" style=\"align-self: center;margin-left: auto;margin-right: auto;margin-top:15px;width:100%;\"><\/div><div class=\"fusion-title title fusion-title-5 fusion-sep-none fusion-title-text fusion-title-size-three\" style=\"--awb-margin-bottom:10px;--awb-margin-top-small:10px;--awb-margin-right-small:0px;--awb-margin-bottom-small:10px;--awb-margin-left-small:0px;--awb-font-size:30px;\"><h3 class=\"fusion-title-heading title-heading-left fusion-responsive-typography-calculated\" style=\"margin:0;font-size:1em;--fontSize:30;line-height:1.2;\">Inspiring exchange as the world\u2019s flavours met in Macao<\/h3><\/div><div class=\"fusion-separator\" style=\"align-self: flex-start;margin-right:auto;margin-top:0px;margin-bottom:20px;width:100%;max-width:100px;\"><div class=\"fusion-separator-border sep-single sep-solid\" style=\"--awb-height:20px;--awb-amount:20px;border-color:var(--awb-color3);border-top-width:1px;\"><\/div><\/div><div class=\"fusion-text fusion-text-7\" style=\"--awb-font-size:13px;--awb-margin-top:-15px;\"><p>20 May 2026<\/p>\n<\/div><div class=\"fusion-text fusion-text-8\"><p>When chefs Maria Magnusson and Anna Nyberg took part in the Macao International Gastronomy Fest, they experienced an intense and inspiring encounter with global gastronomy.<\/p>\n<\/div><div ><a class=\"fusion-button button-flat fusion-button-default-size button-default fusion-button-default button-4 fusion-button-default-span fusion-button-default-type\" target=\"_self\" title=\"Read Article\" aria-label=\"Read Article\" href=\"https:\/\/www.creativecityostersund.se\/en\/inspiring-exchange-as-the-worlds-flavours-met-in-macao\/\"><span class=\"fusion-button-text awb-button__text awb-button__text--default\">Read Article<\/span><\/a><\/div><\/div><\/li>\n<li class=\"fusion-layout-column fusion_builder_column fusion-builder-column-5 fusion-flex-column post-card fusion-grid-column fusion-post-cards-grid-column\" style=\"--awb-bg-blend:overlay;--awb-bg-size:cover;--awb-flex-grow:0;--awb-flex-shrink:0;--awb-flex-grow-medium:;--awb-flex-shrink-medium:;--awb-flex-grow-small:;--awb-flex-shrink-small:;\"><div class=\"fusion-column-wrapper fusion-flex-justify-content-flex-start fusion-content-layout-column\"><div class=\"fusion-image-element\" style=\"--awb-aspect-ratio:4 \/ 3;--awb-caption-title-font-family:var(--h2_typography-font-family);--awb-caption-title-font-weight:var(--h2_typography-font-weight);--awb-caption-title-font-style:var(--h2_typography-font-style);--awb-caption-title-size:var(--h2_typography-font-size);--awb-caption-title-transform:var(--h2_typography-text-transform);--awb-caption-title-line-height:var(--h2_typography-line-height);--awb-caption-title-letter-spacing:var(--h2_typography-letter-spacing);\"><span class=\" fusion-imageframe imageframe-none imageframe-5 hover-type-none has-aspect-ratio\"><img decoding=\"async\" width=\"620\" height=\"413\" title=\"538081782_1340995304694099_4815978916452352045_n\" src=\"https:\/\/www.creativecityostersund.se\/wp-content\/uploads\/2026\/05\/538081782_1340995304694099_4815978916452352045_n.png\" class=\"img-responsive wp-image-398 img-with-aspect-ratio\" data-parent-fit=\"cover\" data-parent-container=\".fusion-image-element\" alt srcset=\"https:\/\/www.creativecityostersund.se\/wp-content\/uploads\/2026\/05\/538081782_1340995304694099_4815978916452352045_n-200x133.png 200w, https:\/\/www.creativecityostersund.se\/wp-content\/uploads\/2026\/05\/538081782_1340995304694099_4815978916452352045_n-400x266.png 400w, https:\/\/www.creativecityostersund.se\/wp-content\/uploads\/2026\/05\/538081782_1340995304694099_4815978916452352045_n-600x400.png 600w, https:\/\/www.creativecityostersund.se\/wp-content\/uploads\/2026\/05\/538081782_1340995304694099_4815978916452352045_n.png 620w\" sizes=\"(max-width: 640px) 100vw, 620px\" \/><\/span><\/div><div class=\"fusion-separator fusion-full-width-sep\" style=\"align-self: center;margin-left: auto;margin-right: auto;margin-top:15px;width:100%;\"><\/div><div class=\"fusion-title title fusion-title-6 fusion-sep-none fusion-title-text fusion-title-size-three\" style=\"--awb-margin-bottom:10px;--awb-margin-top-small:10px;--awb-margin-right-small:0px;--awb-margin-bottom-small:10px;--awb-margin-left-small:0px;--awb-font-size:30px;\"><h3 class=\"fusion-title-heading title-heading-left fusion-responsive-typography-calculated\" style=\"margin:0;font-size:1em;--fontSize:30;line-height:1.2;\">From \u00c5s to Asia \u2013 Petra and Ulrika brought J\u00e4mtland&#8217;s flavors to the world<\/h3><\/div><div class=\"fusion-separator\" style=\"align-self: flex-start;margin-right:auto;margin-top:0px;margin-bottom:20px;width:100%;max-width:100px;\"><div class=\"fusion-separator-border sep-single sep-solid\" style=\"--awb-height:20px;--awb-amount:20px;border-color:var(--awb-color3);border-top-width:1px;\"><\/div><\/div><div class=\"fusion-text fusion-text-9\" style=\"--awb-font-size:13px;--awb-margin-top:-15px;\"><p>15 May 2026<\/p>\n<\/div><div class=\"fusion-text fusion-text-10\"><p>Torsta Farm Restaurant in \u00c5s has put J\u00e4mtland H\u00e4rjedalen on the international gastronomy map. When Petra and Ulrika represented the region in Macao, the trip was both intense and educational \u2013 and the food was a success. <\/p>\n<\/div><div ><a class=\"fusion-button button-flat fusion-button-default-size button-default fusion-button-default button-5 fusion-button-default-span fusion-button-default-type\" target=\"_self\" title=\"Read Article\" aria-label=\"Read Article\" href=\"https:\/\/www.creativecityostersund.se\/en\/from-as-to-asia-petra-and-ulrika-brought-jamtlands-flavors-to-the-world\/\"><span class=\"fusion-button-text awb-button__text awb-button__text--default\">Read Article<\/span><\/a><\/div><\/div><\/li>\n<li class=\"fusion-layout-column fusion_builder_column fusion-builder-column-6 fusion-flex-column post-card fusion-grid-column fusion-post-cards-grid-column\" style=\"--awb-bg-blend:overlay;--awb-bg-size:cover;--awb-flex-grow:0;--awb-flex-shrink:0;--awb-flex-grow-medium:;--awb-flex-shrink-medium:;--awb-flex-grow-small:;--awb-flex-shrink-small:;\"><div class=\"fusion-column-wrapper fusion-flex-justify-content-flex-start fusion-content-layout-column\"><div class=\"fusion-image-element\" style=\"--awb-aspect-ratio:4 \/ 3;--awb-caption-title-font-family:var(--h2_typography-font-family);--awb-caption-title-font-weight:var(--h2_typography-font-weight);--awb-caption-title-font-style:var(--h2_typography-font-style);--awb-caption-title-size:var(--h2_typography-font-size);--awb-caption-title-transform:var(--h2_typography-text-transform);--awb-caption-title-line-height:var(--h2_typography-line-height);--awb-caption-title-letter-spacing:var(--h2_typography-letter-spacing);\"><span class=\" fusion-imageframe imageframe-none imageframe-6 hover-type-none has-aspect-ratio\"><img decoding=\"async\" width=\"550\" height=\"413\" title=\"LenaFlaten\" src=\"https:\/\/www.creativecityostersund.se\/wp-content\/uploads\/2026\/05\/LenaFlaten.jpeg\" class=\"img-responsive wp-image-430 img-with-aspect-ratio\" data-parent-fit=\"cover\" data-parent-container=\".fusion-image-element\" alt srcset=\"https:\/\/www.creativecityostersund.se\/wp-content\/uploads\/2026\/05\/LenaFlaten-200x150.jpeg 200w, https:\/\/www.creativecityostersund.se\/wp-content\/uploads\/2026\/05\/LenaFlaten-400x300.jpeg 400w, https:\/\/www.creativecityostersund.se\/wp-content\/uploads\/2026\/05\/LenaFlaten.jpeg 550w\" sizes=\"(max-width: 640px) 100vw, 550px\" \/><\/span><\/div><div class=\"fusion-separator fusion-full-width-sep\" style=\"align-self: center;margin-left: auto;margin-right: auto;margin-top:15px;width:100%;\"><\/div><div class=\"fusion-title title fusion-title-7 fusion-sep-none fusion-title-text fusion-title-size-three\" style=\"--awb-margin-bottom:10px;--awb-margin-top-small:10px;--awb-margin-right-small:0px;--awb-margin-bottom-small:10px;--awb-margin-left-small:0px;--awb-font-size:30px;\"><h3 class=\"fusion-title-heading title-heading-left fusion-responsive-typography-calculated\" style=\"margin:0;font-size:1em;--fontSize:30;line-height:1.2;\">Lena participated in a food festival in D\u00e9nia, Spain \u2013 gained a broader network<\/h3><\/div><div class=\"fusion-separator\" style=\"align-self: flex-start;margin-right:auto;margin-top:0px;margin-bottom:20px;width:100%;max-width:100px;\"><div class=\"fusion-separator-border sep-single sep-solid\" style=\"--awb-height:20px;--awb-amount:20px;border-color:var(--awb-color3);border-top-width:1px;\"><\/div><\/div><div class=\"fusion-text fusion-text-11\" style=\"--awb-font-size:13px;--awb-margin-top:-15px;\"><p>4 May 2026<\/p>\n<\/div><div class=\"fusion-text fusion-text-12\"><p>Lena Flaten runs Flammans skafferi in Storlien. She has always been curious about food from other cultures. When she was given the opportunity to attend UNESCO's DNA festival in D\u00e9nia, Spain, she did not hesitate.<\/p>\n<\/div><div ><a class=\"fusion-button button-flat fusion-button-default-size button-default fusion-button-default button-6 fusion-button-default-span fusion-button-default-type\" target=\"_self\" title=\"Read Article\" aria-label=\"Read Article\" href=\"https:\/\/www.creativecityostersund.se\/en\/lena-participated-in-a-food-festival-in-denia-spain-gained-a-broader-network\/\"><span class=\"fusion-button-text awb-button__text awb-button__text--default\">Read Article<\/span><\/a><\/div><\/div><\/li>\n<li class=\"fusion-layout-column fusion_builder_column fusion-builder-column-7 fusion-flex-column post-card fusion-grid-column fusion-post-cards-grid-column\" style=\"--awb-bg-blend:overlay;--awb-bg-size:cover;--awb-flex-grow:0;--awb-flex-shrink:0;--awb-flex-grow-medium:;--awb-flex-shrink-medium:;--awb-flex-grow-small:;--awb-flex-shrink-small:;\"><div class=\"fusion-column-wrapper fusion-flex-justify-content-flex-start fusion-content-layout-column\"><div class=\"fusion-image-element\" style=\"--awb-aspect-ratio:4 \/ 3;--awb-caption-title-font-family:var(--h2_typography-font-family);--awb-caption-title-font-weight:var(--h2_typography-font-weight);--awb-caption-title-font-style:var(--h2_typography-font-style);--awb-caption-title-size:var(--h2_typography-font-size);--awb-caption-title-transform:var(--h2_typography-text-transform);--awb-caption-title-line-height:var(--h2_typography-line-height);--awb-caption-title-letter-spacing:var(--h2_typography-letter-spacing);\"><span class=\" fusion-imageframe imageframe-none imageframe-7 hover-type-none has-aspect-ratio\"><img decoding=\"async\" width=\"1920\" height=\"1281\" title=\"norrastation\" src=\"https:\/\/www.creativecityostersund.se\/wp-content\/uploads\/2026\/05\/norrastation.webp\" class=\"img-responsive wp-image-440 img-with-aspect-ratio\" data-parent-fit=\"cover\" data-parent-container=\".fusion-image-element\" alt srcset=\"https:\/\/www.creativecityostersund.se\/wp-content\/uploads\/2026\/05\/norrastation-200x133.webp 200w, https:\/\/www.creativecityostersund.se\/wp-content\/uploads\/2026\/05\/norrastation-400x267.webp 400w, https:\/\/www.creativecityostersund.se\/wp-content\/uploads\/2026\/05\/norrastation-600x400.webp 600w, https:\/\/www.creativecityostersund.se\/wp-content\/uploads\/2026\/05\/norrastation-800x534.webp 800w, https:\/\/www.creativecityostersund.se\/wp-content\/uploads\/2026\/05\/norrastation-1200x801.webp 1200w, https:\/\/www.creativecityostersund.se\/wp-content\/uploads\/2026\/05\/norrastation.webp 1920w\" sizes=\"(max-width: 640px) 100vw, 1920px\" \/><\/span><\/div><div class=\"fusion-separator fusion-full-width-sep\" style=\"align-self: center;margin-left: auto;margin-right: auto;margin-top:15px;width:100%;\"><\/div><div class=\"fusion-title title fusion-title-8 fusion-sep-none fusion-title-text fusion-title-size-three\" style=\"--awb-margin-bottom:10px;--awb-margin-top-small:10px;--awb-margin-right-small:0px;--awb-margin-bottom-small:10px;--awb-margin-left-small:0px;--awb-font-size:30px;\"><h3 class=\"fusion-title-heading title-heading-left fusion-responsive-typography-calculated\" style=\"margin:0;font-size:1em;--fontSize:30;line-height:1.2;\">Manne wants to create a J\u00e4mtland Gastronomy Visitor Center<\/h3><\/div><div class=\"fusion-separator\" style=\"align-self: flex-start;margin-right:auto;margin-top:0px;margin-bottom:20px;width:100%;max-width:100px;\"><div class=\"fusion-separator-border sep-single sep-solid\" style=\"--awb-height:20px;--awb-amount:20px;border-color:var(--awb-color3);border-top-width:1px;\"><\/div><\/div><div class=\"fusion-text fusion-text-13\" style=\"--awb-font-size:13px;--awb-margin-top:-15px;\"><p>7 April 2026<\/p>\n<\/div><div class=\"fusion-text fusion-text-14\"><p>Manne Mosten runs Norra Station in \u00d6stersund and also organizes various food and cultural experiences together with local food artisans and restaurateurs. He sees the designation as a great asset for \u00d6stersund and J\u00e4mtland and has himself participated in several trips organized by the network, including to China and Scotland.<\/p>\n<\/div><div ><a class=\"fusion-button button-flat fusion-button-default-size button-default fusion-button-default button-7 fusion-button-default-span fusion-button-default-type\" target=\"_self\" title=\"Read Article\" aria-label=\"Read Article\" href=\"https:\/\/www.creativecityostersund.se\/en\/manne-wants-to-create-a-jamtland-gastronomy-visitor-center\/\"><span class=\"fusion-button-text awb-button__text awb-button__text--default\">Read Article<\/span><\/a><\/div><\/div><\/li>\n<li class=\"fusion-layout-column fusion_builder_column fusion-builder-column-8 fusion-flex-column post-card fusion-grid-column fusion-post-cards-grid-column\" style=\"--awb-bg-blend:overlay;--awb-bg-size:cover;--awb-flex-grow:0;--awb-flex-shrink:0;--awb-flex-grow-medium:;--awb-flex-shrink-medium:;--awb-flex-grow-small:;--awb-flex-shrink-small:;\"><div class=\"fusion-column-wrapper fusion-flex-justify-content-flex-start fusion-content-layout-column\"><div class=\"fusion-image-element\" style=\"--awb-aspect-ratio:4 \/ 3;--awb-caption-title-font-family:var(--h2_typography-font-family);--awb-caption-title-font-weight:var(--h2_typography-font-weight);--awb-caption-title-font-style:var(--h2_typography-font-style);--awb-caption-title-size:var(--h2_typography-font-size);--awb-caption-title-transform:var(--h2_typography-text-transform);--awb-caption-title-line-height:var(--h2_typography-line-height);--awb-caption-title-letter-spacing:var(--h2_typography-letter-spacing);\"><span class=\" fusion-imageframe imageframe-none imageframe-8 hover-type-none has-aspect-ratio\"><img decoding=\"async\" width=\"550\" height=\"412\" title=\"MartinJaller\" src=\"https:\/\/www.creativecityostersund.se\/wp-content\/uploads\/2026\/05\/MartinJaller.jpeg\" class=\"img-responsive wp-image-434 img-with-aspect-ratio\" data-parent-fit=\"cover\" data-parent-container=\".fusion-image-element\" alt srcset=\"https:\/\/www.creativecityostersund.se\/wp-content\/uploads\/2026\/05\/MartinJaller-200x150.jpeg 200w, https:\/\/www.creativecityostersund.se\/wp-content\/uploads\/2026\/05\/MartinJaller-400x300.jpeg 400w, https:\/\/www.creativecityostersund.se\/wp-content\/uploads\/2026\/05\/MartinJaller.jpeg 550w\" sizes=\"(max-width: 640px) 100vw, 550px\" \/><\/span><\/div><div class=\"fusion-separator fusion-full-width-sep\" style=\"align-self: center;margin-left: auto;margin-right: auto;margin-top:15px;width:100%;\"><\/div><div class=\"fusion-title title fusion-title-9 fusion-sep-none fusion-title-text fusion-title-size-three\" style=\"--awb-margin-bottom:10px;--awb-margin-top-small:10px;--awb-margin-right-small:0px;--awb-margin-bottom-small:10px;--awb-margin-left-small:0px;--awb-font-size:30px;\"><h3 class=\"fusion-title-heading title-heading-left fusion-responsive-typography-calculated\" style=\"margin:0;font-size:1em;--fontSize:30;line-height:1.2;\">Gastronomy education at MIUN thanks to collaboration with Italy\u2019s Parma<\/h3><\/div><div class=\"fusion-separator\" style=\"align-self: flex-start;margin-right:auto;margin-top:0px;margin-bottom:20px;width:100%;max-width:100px;\"><div class=\"fusion-separator-border sep-single sep-solid\" style=\"--awb-height:20px;--awb-amount:20px;border-color:var(--awb-color3);border-top-width:1px;\"><\/div><\/div><div class=\"fusion-text fusion-text-15\" style=\"--awb-font-size:13px;--awb-margin-top:-15px;\"><p>29 March 2026<\/p>\n<\/div><div class=\"fusion-text fusion-text-16\"><p>Wilhelm Skoglund is a lecturer at Mid Sweden University and teaches, among other things, social entrepreneurship. He is also one of the dedicated enthusiasts who were involved from the very beginning, when \u00d6stersund and Region J\u00e4mtland H\u00e4rjedalen applied to become a UNESCO Creative City of Gastronomy. <\/p>\n<\/div><div ><a class=\"fusion-button button-flat fusion-button-default-size button-default fusion-button-default button-8 fusion-button-default-span fusion-button-default-type\" target=\"_self\" title=\"Read Article\" aria-label=\"Read Article\" href=\"https:\/\/www.creativecityostersund.se\/en\/gastronomy-education-at-miun-thanks-to-collaboration-with-italys-parma\/\"><span class=\"fusion-button-text awb-button__text awb-button__text--default\">Read Article<\/span><\/a><\/div><\/div><\/li>\n<li class=\"fusion-layout-column fusion_builder_column fusion-builder-column-9 fusion-flex-column post-card fusion-grid-column fusion-post-cards-grid-column\" style=\"--awb-bg-blend:overlay;--awb-bg-size:cover;--awb-flex-grow:0;--awb-flex-shrink:0;--awb-flex-grow-medium:;--awb-flex-shrink-medium:;--awb-flex-grow-small:;--awb-flex-shrink-small:;\"><div class=\"fusion-column-wrapper fusion-flex-justify-content-flex-start fusion-content-layout-column\"><div class=\"fusion-image-element\" style=\"--awb-aspect-ratio:4 \/ 3;--awb-caption-title-font-family:var(--h2_typography-font-family);--awb-caption-title-font-weight:var(--h2_typography-font-weight);--awb-caption-title-font-style:var(--h2_typography-font-style);--awb-caption-title-size:var(--h2_typography-font-size);--awb-caption-title-transform:var(--h2_typography-text-transform);--awb-caption-title-line-height:var(--h2_typography-line-height);--awb-caption-title-letter-spacing:var(--h2_typography-letter-spacing);\"><span class=\" fusion-imageframe imageframe-none imageframe-9 hover-type-none has-aspect-ratio\"><img decoding=\"async\" width=\"619\" height=\"413\" title=\"FabienneTheiler1\" src=\"https:\/\/www.creativecityostersund.se\/wp-content\/uploads\/2026\/05\/FabienneTheiler1.jpeg\" class=\"img-responsive wp-image-452 img-with-aspect-ratio\" data-parent-fit=\"cover\" data-parent-container=\".fusion-image-element\" alt srcset=\"https:\/\/www.creativecityostersund.se\/wp-content\/uploads\/2026\/05\/FabienneTheiler1-200x133.jpeg 200w, https:\/\/www.creativecityostersund.se\/wp-content\/uploads\/2026\/05\/FabienneTheiler1-400x267.jpeg 400w, https:\/\/www.creativecityostersund.se\/wp-content\/uploads\/2026\/05\/FabienneTheiler1-600x400.jpeg 600w, https:\/\/www.creativecityostersund.se\/wp-content\/uploads\/2026\/05\/FabienneTheiler1.jpeg 619w\" sizes=\"(max-width: 640px) 100vw, 619px\" \/><\/span><\/div><div class=\"fusion-separator fusion-full-width-sep\" style=\"align-self: center;margin-left: auto;margin-right: auto;margin-top:15px;width:100%;\"><\/div><div class=\"fusion-title title fusion-title-10 fusion-sep-none fusion-title-text fusion-title-size-three\" style=\"--awb-margin-bottom:10px;--awb-margin-top-small:10px;--awb-margin-right-small:0px;--awb-margin-bottom-small:10px;--awb-margin-left-small:0px;--awb-font-size:30px;\"><h3 class=\"fusion-title-heading title-heading-left fusion-responsive-typography-calculated\" style=\"margin:0;font-size:1em;--fontSize:30;line-height:1.2;\">Fabienne launched a food festival \u2013 wanted to promote \u00d6stersund and J\u00e4mtland as a gastronomic region<\/h3><\/div><div class=\"fusion-separator\" style=\"align-self: flex-start;margin-right:auto;margin-top:0px;margin-bottom:20px;width:100%;max-width:100px;\"><div class=\"fusion-separator-border sep-single sep-solid\" style=\"--awb-height:20px;--awb-amount:20px;border-color:var(--awb-color3);border-top-width:1px;\"><\/div><\/div><div class=\"fusion-text fusion-text-17\" style=\"--awb-font-size:13px;--awb-margin-top:-15px;\"><p>12 February 2026<\/p>\n<\/div><div class=\"fusion-text fusion-text-18\"><p>Fabienne Theiler moved to Sweden from Switzerland in 2015 to experience life in Norrland. She got a job as a project manager at Torsta, where she would work with gastronomy and culinary tourism. <\/p>\n<\/div><div ><a class=\"fusion-button button-flat fusion-button-default-size button-default fusion-button-default button-9 fusion-button-default-span fusion-button-default-type\" target=\"_self\" title=\"Read Article\" aria-label=\"Read Article\" href=\"https:\/\/www.creativecityostersund.se\/en\/fabienne-launched-a-food-festival-wanted-to-promote-ostersund-and-jamtland-as-a-gastronomic-region\/\"><span class=\"fusion-button-text awb-button__text awb-button__text--default\">Read Article<\/span><\/a><\/div><\/div><\/li>\n<li class=\"fusion-layout-column fusion_builder_column fusion-builder-column-10 fusion-flex-column post-card fusion-grid-column fusion-post-cards-grid-column\" style=\"--awb-bg-blend:overlay;--awb-bg-size:cover;--awb-flex-grow:0;--awb-flex-shrink:0;--awb-flex-grow-medium:;--awb-flex-shrink-medium:;--awb-flex-grow-small:;--awb-flex-shrink-small:;\"><div class=\"fusion-column-wrapper fusion-flex-justify-content-flex-start fusion-content-layout-column\"><div class=\"fusion-image-element\" style=\"--awb-aspect-ratio:4 \/ 3;--awb-caption-title-font-family:var(--h2_typography-font-family);--awb-caption-title-font-weight:var(--h2_typography-font-weight);--awb-caption-title-font-style:var(--h2_typography-font-style);--awb-caption-title-size:var(--h2_typography-font-size);--awb-caption-title-transform:var(--h2_typography-text-transform);--awb-caption-title-line-height:var(--h2_typography-line-height);--awb-caption-title-letter-spacing:var(--h2_typography-letter-spacing);\"><span class=\" fusion-imageframe imageframe-none imageframe-10 hover-type-none has-aspect-ratio\"><img decoding=\"async\" width=\"608\" height=\"412\" title=\"Delegation visit from D\u00e9nia\" src=\"https:\/\/www.creativecityostersund.se\/wp-content\/uploads\/2026\/05\/Delegationsbesok-fran-Denia.png\" class=\"img-responsive wp-image-424 img-with-aspect-ratio\" data-parent-fit=\"cover\" data-parent-container=\".fusion-image-element\" alt srcset=\"https:\/\/www.creativecityostersund.se\/wp-content\/uploads\/2026\/05\/Delegationsbesok-fran-Denia-200x136.png 200w, https:\/\/www.creativecityostersund.se\/wp-content\/uploads\/2026\/05\/Delegationsbesok-fran-Denia-400x271.png 400w, https:\/\/www.creativecityostersund.se\/wp-content\/uploads\/2026\/05\/Delegationsbesok-fran-Denia-600x407.png 600w, https:\/\/www.creativecityostersund.se\/wp-content\/uploads\/2026\/05\/Delegationsbesok-fran-Denia.png 608w\" sizes=\"(max-width: 640px) 100vw, 608px\" \/><\/span><\/div><div class=\"fusion-separator fusion-full-width-sep\" style=\"align-self: center;margin-left: auto;margin-right: auto;margin-top:15px;width:100%;\"><\/div><div class=\"fusion-title title fusion-title-11 fusion-sep-none fusion-title-text fusion-title-size-three\" style=\"--awb-margin-bottom:10px;--awb-margin-top-small:10px;--awb-margin-right-small:0px;--awb-margin-bottom-small:10px;--awb-margin-left-small:0px;--awb-font-size:30px;\"><h3 class=\"fusion-title-heading title-heading-left fusion-responsive-typography-calculated\" style=\"margin:0;font-size:1em;--fontSize:30;line-height:1.2;\">Odensala School&#8217;s adapted compulsory school received a study visit from Spain \u2013 now they want to go out into the world themselves<\/h3><\/div><div class=\"fusion-separator\" style=\"align-self: flex-start;margin-right:auto;margin-top:0px;margin-bottom:20px;width:100%;max-width:100px;\"><div class=\"fusion-separator-border sep-single sep-solid\" style=\"--awb-height:20px;--awb-amount:20px;border-color:var(--awb-color3);border-top-width:1px;\"><\/div><\/div><div class=\"fusion-text fusion-text-19\" style=\"--awb-font-size:13px;--awb-margin-top:-15px;\"><p>12 January 2026<\/p>\n<\/div><div class=\"fusion-text fusion-text-20\"><p>In spring 2021, the school Raquel Paya in D\u00e9nia, Spain, contacted \u00d6stersund municipality with an inquiry. They wanted to get in touch with other schools for \"functional challenged students\", the equivalent of our adapted compulsory school, and therefore sought help from UNESCO's gastronomic network.<\/p>\n<\/div><div ><a class=\"fusion-button button-flat fusion-button-default-size button-default fusion-button-default button-10 fusion-button-default-span fusion-button-default-type\" target=\"_self\" title=\"Read Article\" aria-label=\"Read Article\" href=\"https:\/\/www.creativecityostersund.se\/en\/odensala-schools-adapted-compulsory-school-received-a-study-visit-from-spain-now-they-want-to-go-out-into-the-world-themselves\/\"><span class=\"fusion-button-text awb-button__text awb-button__text--default\">Read Article<\/span><\/a><\/div><\/div><\/li>\n<\/ul><\/div><\/div><\/div><\/div><\/div><div class=\"fusion-fullwidth fullwidth-box fusion-builder-row-3 fusion-flex-container has-pattern-background has-mask-background fusion-parallax-none nonhundred-percent-fullwidth non-hundred-percent-height-scrolling\" style=\"--awb-border-radius-top-left:0px;--awb-border-radius-top-right:0px;--awb-border-radius-bottom-right:0px;--awb-border-radius-bottom-left:0px;--awb-padding-top:100px;--awb-padding-bottom:100px;--awb-background-image:linear-gradient(180deg, rgba(128,38,41,0.9) 0%,rgba(128,38,41,0.9) 100%),url(https:\/\/www.creativecityostersund.se\/wp-content\/uploads\/2026\/05\/ccog-skordefest.webp);;--awb-background-size:cover;--awb-flex-wrap:wrap;\" ><div class=\"fusion-builder-row fusion-row fusion-flex-align-items-flex-start fusion-flex-justify-content-center fusion-flex-content-wrap\" style=\"max-width:1248px;margin-left: calc(-4% \/ 2 );margin-right: calc(-4% \/ 2 );\"><div class=\"fusion-layout-column fusion_builder_column fusion-builder-column-11 fusion_builder_column_1_2 1_2 fusion-flex-column\" style=\"--awb-bg-size:cover;--awb-width-large:50%;--awb-flex-grow:0;--awb-flex-shrink:0;--awb-margin-top-large:0px;--awb-spacing-right-large:3.84%;--awb-margin-bottom-large:0px;--awb-spacing-left-large:3.84%;--awb-width-medium:50%;--awb-order-medium:0;--awb-flex-grow-medium:;--awb-flex-shrink-medium:;--awb-spacing-right-medium:3.84%;--awb-spacing-left-medium:3.84%;--awb-width-small:100%;--awb-order-small:0;--awb-flex-grow-small:;--awb-flex-shrink-small:;--awb-spacing-right-small:1.92%;--awb-spacing-left-small:1.92%;\"><div class=\"fusion-column-wrapper fusion-column-has-shadow fusion-flex-justify-content-flex-start fusion-content-layout-column\"><div class=\"fusion-title title fusion-title-12 fusion-sep-none fusion-title-center fusion-title-text fusion-title-size-two\" style=\"--awb-text-color:var(--awb-color5);--awb-margin-top-small:10px;--awb-margin-right-small:0px;--awb-margin-bottom-small:10px;--awb-margin-left-small:0px;\"><h2 class=\"fusion-title-heading title-heading-center fusion-responsive-typography-calculated\" style=\"margin:0;--fontSize:48;line-height:var(--awb-typography1-line-height);\">A place for those who<br \/>\nwork in gastronomy<\/h2><\/div><div class=\"fusion-text fusion-text-21 fusion-text-no-margin\" style=\"--awb-content-alignment:center;--awb-text-color:var(--awb-color1);--awb-margin-bottom:40px;\"><p>The award creates opportunities for stakeholders across the region \u2013 from collaborations and networks to international exchanges and development.<\/p>\n<\/div><div style=\"text-align:center;\"><a class=\"fusion-button button-flat button-xlarge button-custom fusion-button-default button-11 fusion-button-default-span fusion-button-default-type\" style=\"--awb-margin-left:20px;--button_accent_color:var(--awb-color6);--button_border_color:var(--awb-color6);--button_accent_hover_color:var(--awb-color8);--button_border_hover_color:var(--awb-color1);--button_gradient_top_color:var(--awb-color2);--button_gradient_bottom_color:var(--awb-color2);--button_gradient_top_color_hover:hsla(var(--awb-color5-h),calc(var(--awb-color5-s) - 5%),calc(var(--awb-color5-l) - 10%),var(--awb-color5-a));--button_gradient_bottom_color_hover:hsla(var(--awb-color5-h),calc(var(--awb-color5-s) - 5%),calc(var(--awb-color5-l) - 10%),var(--awb-color5-a));\" target=\"_self\" title=\"Tools and networks\" aria-label=\"Tools and networks\" role=\"button\" href=\"https:\/\/www.creativecityostersund.se\/en\/for-operators\/\"><span class=\"fusion-button-text awb-button__text awb-button__text--default\">Tools and networks<\/span><\/a><\/div><\/div><\/div><\/div><\/div><\/p>\n","protected":false},"excerpt":{"rendered":"","protected":false},"author":2,"featured_media":0,"parent":0,"menu_order":0,"comment_status":"closed","ping_status":"closed","template":"100-width.php","meta":{"footnotes":""},"class_list":["post-443","page","type-page","status-publish","hentry"],"yoast_head":"<!-- This site is optimized with the Yoast SEO plugin v28.3 - https:\/\/yoast.com\/product\/yoast-seo-wordpress\/ -->\n<title>News - Creativecityostersund<\/title>\n<meta name=\"robots\" content=\"index, follow, max-snippet:-1, max-image-preview:large, max-video-preview:-1\" \/>\n<link rel=\"canonical\" href=\"https:\/\/www.creativecityostersund.se\/en\/news\/\" \/>\n<meta property=\"og:locale\" content=\"en_US\" \/>\n<meta property=\"og:type\" content=\"article\" \/>\n<meta property=\"og:title\" content=\"News - Creativecityostersund\" \/>\n<meta property=\"og:url\" content=\"https:\/\/www.creativecityostersund.se\/en\/news\/\" \/>\n<meta property=\"og:site_name\" content=\"Creativecityostersund\" \/>\n<meta property=\"article:publisher\" content=\"https:\/\/www.facebook.com\/creativegastronomy\" \/>\n<meta property=\"article:modified_time\" content=\"2026-06-26T08:32:35+00:00\" \/>\n<meta property=\"og:image\" content=\"https:\/\/www.creativecityostersund.se\/wp-content\/uploads\/2026\/05\/TS_3N9A1068.webp\" \/>\n\t<meta property=\"og:image:width\" content=\"1920\" \/>\n\t<meta property=\"og:image:height\" content=\"1280\" \/>\n\t<meta property=\"og:image:type\" content=\"image\/webp\" \/>\n<meta name=\"twitter:card\" content=\"summary_large_image\" \/>\n<meta name=\"twitter:label1\" content=\"Est. reading time\" \/>\n\t<meta name=\"twitter:data1\" content=\"10 minutes\" \/>\n<script type=\"application\/ld+json\" class=\"yoast-schema-graph\">{\"@context\":\"https:\\\/\\\/schema.org\",\"@graph\":[{\"@type\":\"WebPage\",\"@id\":\"https:\\\/\\\/www.creativecityostersund.se\\\/en\\\/news\\\/\",\"url\":\"https:\\\/\\\/www.creativecityostersund.se\\\/en\\\/news\\\/\",\"name\":\"News - Creativecityostersund\",\"isPartOf\":{\"@id\":\"https:\\\/\\\/www.creativecityostersund.se\\\/en\\\/#website\"},\"datePublished\":\"2026-05-11T10:52:01+00:00\",\"dateModified\":\"2026-06-26T08:32:35+00:00\",\"breadcrumb\":{\"@id\":\"https:\\\/\\\/www.creativecityostersund.se\\\/en\\\/news\\\/#breadcrumb\"},\"inLanguage\":\"en-US\",\"potentialAction\":[{\"@type\":\"ReadAction\",\"target\":[\"https:\\\/\\\/www.creativecityostersund.se\\\/en\\\/news\\\/\"]}]},{\"@type\":\"BreadcrumbList\",\"@id\":\"https:\\\/\\\/www.creativecityostersund.se\\\/en\\\/news\\\/#breadcrumb\",\"itemListElement\":[{\"@type\":\"ListItem\",\"position\":1,\"name\":\"Hem\",\"item\":\"https:\\\/\\\/www.creativecityostersund.se\\\/en\\\/\"},{\"@type\":\"ListItem\",\"position\":2,\"name\":\"News\"}]},{\"@type\":\"WebSite\",\"@id\":\"https:\\\/\\\/www.creativecityostersund.se\\\/en\\\/#website\",\"url\":\"https:\\\/\\\/www.creativecityostersund.se\\\/en\\\/\",\"name\":\"UNESCO Creative City of Gastronomy \u00d6stersund\",\"description\":\"Sveriges mest smaks\u00e4kra region\",\"publisher\":{\"@id\":\"https:\\\/\\\/www.creativecityostersund.se\\\/en\\\/#organization\"},\"potentialAction\":[{\"@type\":\"SearchAction\",\"target\":{\"@type\":\"EntryPoint\",\"urlTemplate\":\"https:\\\/\\\/www.creativecityostersund.se\\\/en\\\/?s={search_term_string}\"},\"query-input\":{\"@type\":\"PropertyValueSpecification\",\"valueRequired\":true,\"valueName\":\"search_term_string\"}}],\"inLanguage\":\"en-US\"},{\"@type\":\"Organization\",\"@id\":\"https:\\\/\\\/www.creativecityostersund.se\\\/en\\\/#organization\",\"name\":\"UNESCO Creative City of Gastronomy \u00d6stersund\",\"url\":\"https:\\\/\\\/www.creativecityostersund.se\\\/en\\\/\",\"logo\":{\"@type\":\"ImageObject\",\"inLanguage\":\"en-US\",\"@id\":\"https:\\\/\\\/www.creativecityostersund.se\\\/en\\\/#\\\/schema\\\/logo\\\/image\\\/\",\"url\":\"https:\\\/\\\/www.creativecityostersund.se\\\/wp-content\\\/uploads\\\/2026\\\/05\\\/Creative-city-of-gastronomy-liggande-vinrod.webp\",\"contentUrl\":\"https:\\\/\\\/www.creativecityostersund.se\\\/wp-content\\\/uploads\\\/2026\\\/05\\\/Creative-city-of-gastronomy-liggande-vinrod.webp\",\"width\":411,\"height\":146,\"caption\":\"UNESCO Creative City of Gastronomy \u00d6stersund\"},\"image\":{\"@id\":\"https:\\\/\\\/www.creativecityostersund.se\\\/en\\\/#\\\/schema\\\/logo\\\/image\\\/\"},\"sameAs\":[\"https:\\\/\\\/www.facebook.com\\\/creativegastronomy\"]}]}<\/script>\n<!-- \/ Yoast SEO plugin. -->","yoast_head_json":{"title":"News - Creativecityostersund","robots":{"index":"index","follow":"follow","max-snippet":"max-snippet:-1","max-image-preview":"max-image-preview:large","max-video-preview":"max-video-preview:-1"},"canonical":"https:\/\/www.creativecityostersund.se\/en\/news\/","og_locale":"en_US","og_type":"article","og_title":"News - Creativecityostersund","og_url":"https:\/\/www.creativecityostersund.se\/en\/news\/","og_site_name":"Creativecityostersund","article_publisher":"https:\/\/www.facebook.com\/creativegastronomy","article_modified_time":"2026-06-26T08:32:35+00:00","og_image":[{"width":1920,"height":1280,"url":"https:\/\/www.creativecityostersund.se\/wp-content\/uploads\/2026\/05\/TS_3N9A1068.webp","type":"image\/webp"}],"twitter_card":"summary_large_image","twitter_misc":{"Est. reading time":"10 minutes"},"schema":{"@context":"https:\/\/schema.org","@graph":[{"@type":"WebPage","@id":"https:\/\/www.creativecityostersund.se\/en\/news\/","url":"https:\/\/www.creativecityostersund.se\/en\/news\/","name":"News - Creativecityostersund","isPartOf":{"@id":"https:\/\/www.creativecityostersund.se\/en\/#website"},"datePublished":"2026-05-11T10:52:01+00:00","dateModified":"2026-06-26T08:32:35+00:00","breadcrumb":{"@id":"https:\/\/www.creativecityostersund.se\/en\/news\/#breadcrumb"},"inLanguage":"en-US","potentialAction":[{"@type":"ReadAction","target":["https:\/\/www.creativecityostersund.se\/en\/news\/"]}]},{"@type":"BreadcrumbList","@id":"https:\/\/www.creativecityostersund.se\/en\/news\/#breadcrumb","itemListElement":[{"@type":"ListItem","position":1,"name":"Hem","item":"https:\/\/www.creativecityostersund.se\/en\/"},{"@type":"ListItem","position":2,"name":"News"}]},{"@type":"WebSite","@id":"https:\/\/www.creativecityostersund.se\/en\/#website","url":"https:\/\/www.creativecityostersund.se\/en\/","name":"UNESCO Creative City of Gastronomy \u00d6stersund","description":"Sveriges mest smaks\u00e4kra region","publisher":{"@id":"https:\/\/www.creativecityostersund.se\/en\/#organization"},"potentialAction":[{"@type":"SearchAction","target":{"@type":"EntryPoint","urlTemplate":"https:\/\/www.creativecityostersund.se\/en\/?s={search_term_string}"},"query-input":{"@type":"PropertyValueSpecification","valueRequired":true,"valueName":"search_term_string"}}],"inLanguage":"en-US"},{"@type":"Organization","@id":"https:\/\/www.creativecityostersund.se\/en\/#organization","name":"UNESCO Creative City of Gastronomy \u00d6stersund","url":"https:\/\/www.creativecityostersund.se\/en\/","logo":{"@type":"ImageObject","inLanguage":"en-US","@id":"https:\/\/www.creativecityostersund.se\/en\/#\/schema\/logo\/image\/","url":"https:\/\/www.creativecityostersund.se\/wp-content\/uploads\/2026\/05\/Creative-city-of-gastronomy-liggande-vinrod.webp","contentUrl":"https:\/\/www.creativecityostersund.se\/wp-content\/uploads\/2026\/05\/Creative-city-of-gastronomy-liggande-vinrod.webp","width":411,"height":146,"caption":"UNESCO Creative City of Gastronomy \u00d6stersund"},"image":{"@id":"https:\/\/www.creativecityostersund.se\/en\/#\/schema\/logo\/image\/"},"sameAs":["https:\/\/www.facebook.com\/creativegastronomy"]}]}},"_links":{"self":[{"href":"https:\/\/www.creativecityostersund.se\/en\/wp-json\/wp\/v2\/pages\/443","targetHints":{"allow":["GET"]}}],"collection":[{"href":"https:\/\/www.creativecityostersund.se\/en\/wp-json\/wp\/v2\/pages"}],"about":[{"href":"https:\/\/www.creativecityostersund.se\/en\/wp-json\/wp\/v2\/types\/page"}],"author":[{"embeddable":true,"href":"https:\/\/www.creativecityostersund.se\/en\/wp-json\/wp\/v2\/users\/2"}],"replies":[{"embeddable":true,"href":"https:\/\/www.creativecityostersund.se\/en\/wp-json\/wp\/v2\/comments?post=443"}],"version-history":[{"count":1,"href":"https:\/\/www.creativecityostersund.se\/en\/wp-json\/wp\/v2\/pages\/443\/revisions"}],"predecessor-version":[{"id":446,"href":"https:\/\/www.creativecityostersund.se\/en\/wp-json\/wp\/v2\/pages\/443\/revisions\/446"}],"wp:attachment":[{"href":"https:\/\/www.creativecityostersund.se\/en\/wp-json\/wp\/v2\/media?parent=443"}],"curies":[{"name":"wp","href":"https:\/\/api.w.org\/{rel}","templated":true}]}}